{"id":1621,"date":"2020-01-15T10:00:52","date_gmt":"2020-01-15T09:00:52","guid":{"rendered":"https:\/\/www.fachwelt-verlag.de\/?page_id=1621"},"modified":"2021-01-11T17:07:11","modified_gmt":"2021-01-11T16:07:11","slug":"stellenanzeige-mediengestalter","status":"publish","type":"page","link":"https:\/\/www.fachwelt-verlag.de\/en\/karriere\/stellenanzeige-mediengestalter\/","title":{"rendered":"Stellenanzeige Mediengestalter"},"content":{"rendered":"<section class=\"l-section wpb_row height_medium\" id=\"jobs-site\" style=\"margin-top: 0px !important;border-top-width: 0px !important;\"><div class=\"l-section-h i-cf\" style=\"padding-top: 0px !important;\"><div class=\"g-cols vc_row type_default valign_top\"><div class=\"vc_col-sm-12 wpb_column vc_column_container has-fill\"><div class=\"vc_column-inner  vc_custom_1545297562440\"><div class=\"wpb_wrapper\"><div class=\"w-image align_center\"><div class=\"w-image-h\"><img width=\"1140\" height=\"550\" src=\"https:\/\/www.fachwelt-verlag.de\/wp-content\/uploads\/Stellenanzeige_Leiter.jpg\" class=\"attachment-full size-full\" alt=\"Leiter Stellen Beruf Job Stellenanzeige Fachwelt Verlag Stuttgart Verlagshaus Fachmagazine Fachzeitschriften Zeitschriften Magazine\" loading=\"lazy\" srcset=\"https:\/\/www.fachwelt-verlag.de\/wp-content\/uploads\/Stellenanzeige_Leiter.jpg 1140w, https:\/\/www.fachwelt-verlag.de\/wp-content\/uploads\/Stellenanzeige_Leiter-768x371.jpg 768w, https:\/\/www.fachwelt-verlag.de\/wp-content\/uploads\/Stellenanzeige_Leiter-1024x494.jpg 1024w, https:\/\/www.fachwelt-verlag.de\/wp-content\/uploads\/Stellenanzeige_Leiter-300x145.jpg 300w, https:\/\/www.fachwelt-verlag.de\/wp-content\/uploads\/Stellenanzeige_Leiter-600x289.jpg 600w\" sizes=\"(max-width: 1140px) 100vw, 1140px\" \/><\/div><\/div>[vc_custom_heading text=&#8221;Mediengestalter Print\/Online (m\/w\/d)&#8221; font_container=&#8221;tag:h1|text_align:left&#8221; use_theme_fonts=&#8221;yes&#8221;]<div class=\"w-separator size_medium\"><\/div>\r\n\t<div class=\"wpb_text_column \">\r\n\t\t<div class=\"wpb_wrapper\">\r\n\t\t\t<h2 class=\"subpage-subtitle\">Key-Facts<\/h2>\n<ul>\n<li><strong>Einstellung ab sofort<\/strong><\/li>\n<li>Besch\u00e4ftigung in Vollzeit<\/li>\n<li>Unbefristetes Arbeitsverh\u00e4ltnis<\/li>\n<li>Abwechslungsreiches Bet\u00e4tigungsfeld<\/li>\n<li>Ausgezeichnete Perspektiven<\/li>\n<li>Spielraum f\u00fcr Eigeninitiative und neue Ideen<\/li>\n<li>Offene Kommunikationskultur<\/li>\n<li>Flache Hierarchien<strong><br \/>\n<\/strong><\/li>\n<\/ul>\n\r\n\t\t<\/div>\r\n\t<\/div>\r\n<div class=\"w-separator size_medium with_line width_default thick_3 style_solid color_custom align_left with_content\" style=\"border-color:#424242;color:#424242;\"><div class=\"w-separator-h\"><i class=\"fas fa-angle-down\"><\/i><\/div><\/div>\r\n\t<div class=\"wpb_text_column \">\r\n\t\t<div class=\"wpb_wrapper\">\r\n\t\t\t<h2 class=\"subpage-subtitle\">Ihre Aufgaben<\/h2>\n<ul>\n<li>Erstellen von Corporate Designs<\/li>\n<li>Erstellen von Layouts innerhalb von Designrichtlinien<\/li>\n<li>Entwerfen, Gestalten, Satz und Druckdatenabgabe von Printmedien<\/li>\n<li>Gestalten, Umsetzen und Warten von Webseiten mit WordPress<\/li>\n<li>Korrespondenz mit Dienstleistern im In- und Ausland<\/li>\n<\/ul>\n\r\n\t\t<\/div>\r\n\t<\/div>\r\n<div class=\"w-separator size_medium with_line width_default thick_3 style_solid color_custom align_left with_content\" style=\"border-color:#424242;color:#424242;\"><div class=\"w-separator-h\"><i class=\"fas fa-angle-down\"><\/i><\/div><\/div>\r\n\t<div class=\"wpb_text_column \">\r\n\t\t<div class=\"wpb_wrapper\">\r\n\t\t\t<h2 class=\"subpage-subtitle\">Ihr Profil<\/h2>\n<ul>\n<li>Erfolgreich abgeschlossene\/s Ausbildung\/Studium<\/li>\n<li>Gesp\u00fcr f\u00fcr modernes Design und Typografie<\/li>\n<li>Sicherer Umgang mit InDesign, Photoshop, Illustrator<\/li>\n<li>Gute Kenntnisse im Bereich Frontend (HTML und CSS)<\/li>\n<li>Bereits Erfahrung mit CMS (idealerweise WordPress)<\/li>\n<li>Sehr gute Deutschkenntnisse in Wort und Schrift<\/li>\n<li>Gute Englischkenntnisse in Wort und Schrift<\/li>\n<li>Strukturiertes, konzentriertes sowie selbst\u00e4ndiges Arbeiten<\/li>\n<li>Schnelle Auffassungsgabe und soziale Kompetenz<\/li>\n<li>Lernbereitschaft<\/li>\n<\/ul>\n\r\n\t\t<\/div>\r\n\t<\/div>\r\n<\/div><\/div><\/div><\/div><\/div><\/section>\n","protected":false},"excerpt":{"rendered":"[vc_custom_heading text=\"Mediengestalter Print\/Online (m\/w\/d)\" font_container=\"tag:h1|text_align:left\" use_theme_fonts=\"yes\"] Key-Facts Einstellung ab sofort Besch\u00e4ftigung in Vollzeit Unbefristetes Arbeitsverh\u00e4ltnis Abwechslungsreiches Bet\u00e4tigungsfeld Ausgezeichnete Perspektiven Spielraum f\u00fcr Eigeninitiative und neue Ideen Offene Kommunikationskultur Flache Hierarchien Ihre Aufgaben Erstellen von Corporate Designs Erstellen von Layouts innerhalb von Designrichtlinien Entwerfen, Gestalten, Satz und Druckdatenabgabe von Printmedien Gestalten, Umsetzen und Warten von Webseiten mit...","protected":false},"author":9,"featured_media":2728,"parent":1049,"menu_order":0,"comment_status":"closed","ping_status":"closed","template":"","meta":{"inline_featured_image":false},"yoast_head":"<!-- This site is optimized with the Yoast SEO plugin v17.8 - https:\/\/yoast.com\/wordpress\/plugins\/seo\/ -->\n<title>Stellenanzeige Mediengestalter &bull; FACHWELT VERLAG<\/title>\n<meta name=\"description\" content=\"Sie suchen einen Job und wollen Karriere machen? Dann sind Sie bei uns an der richtigen Stelle. Senden Sie uns Ihre Bewerbung.\" \/>\n<meta name=\"robots\" content=\"index, follow, max-snippet:-1, max-image-preview:large, max-video-preview:-1\" \/>\n<link rel=\"canonical\" href=\"https:\/\/www.fachwelt-verlag.de\/en\/karriere\/stellenanzeige-mediengestalter\/\" \/>\n<meta property=\"og:locale\" content=\"en_US\" \/>\n<meta property=\"og:type\" content=\"article\" \/>\n<meta property=\"og:title\" content=\"Stellenanzeige Mediengestalter &bull; FACHWELT VERLAG\" \/>\n<meta property=\"og:description\" content=\"Sie suchen einen Job und wollen Karriere machen? Dann sind Sie bei uns an der richtigen Stelle. Senden Sie uns Ihre Bewerbung.\" \/>\n<meta property=\"og:url\" content=\"https:\/\/www.fachwelt-verlag.de\/karriere\/stellenanzeige-mediengestalter\/\" \/>\n<meta property=\"og:site_name\" content=\"FACHWELT VERLAG\" \/>\n<meta property=\"article:modified_time\" content=\"2021-01-11T16:07:11+00:00\" \/>\n<meta property=\"og:image\" content=\"https:\/\/www.fachwelt-verlag.de\/wp-content\/uploads\/Stellenanzeige_Leiter.jpg\" \/>\n\t<meta property=\"og:image:width\" content=\"1140\" \/>\n\t<meta property=\"og:image:height\" content=\"550\" \/>\n<meta name=\"twitter:card\" content=\"summary\" \/>\n<meta name=\"twitter:label1\" content=\"Est. reading time\" \/>\n\t<meta name=\"twitter:data1\" content=\"1 minute\" \/>\n<script type=\"application\/ld+json\" class=\"yoast-schema-graph\">{\"@context\":\"https:\/\/schema.org\",\"@graph\":[{\"@type\":\"WebSite\",\"@id\":\"https:\/\/www.fachwelt-verlag.de\/#website\",\"url\":\"https:\/\/www.fachwelt-verlag.de\/\",\"name\":\"FACHWELT VERLAG\",\"description\":\"\",\"potentialAction\":[{\"@type\":\"SearchAction\",\"target\":{\"@type\":\"EntryPoint\",\"urlTemplate\":\"https:\/\/www.fachwelt-verlag.de\/?s={search_term_string}\"},\"query-input\":\"required name=search_term_string\"}],\"inLanguage\":\"en-US\"},{\"@type\":\"ImageObject\",\"@id\":\"https:\/\/www.fachwelt-verlag.de\/karriere\/stellenanzeige-mediengestalter\/#primaryimage\",\"inLanguage\":\"en-US\",\"url\":\"https:\/\/www.fachwelt-verlag.de\/wp-content\/uploads\/Stellenanzeige_Leiter.jpg\",\"contentUrl\":\"https:\/\/www.fachwelt-verlag.de\/wp-content\/uploads\/Stellenanzeige_Leiter.jpg\",\"width\":1140,\"height\":550,\"caption\":\"Leiter Stellen Beruf Job Stellenanzeige Fachwelt Verlag Stuttgart Verlagshaus Fachmagazine Fachzeitschriften Zeitschriften Magazine\"},{\"@type\":\"WebPage\",\"@id\":\"https:\/\/www.fachwelt-verlag.de\/karriere\/stellenanzeige-mediengestalter\/#webpage\",\"url\":\"https:\/\/www.fachwelt-verlag.de\/karriere\/stellenanzeige-mediengestalter\/\",\"name\":\"Stellenanzeige Mediengestalter &bull; FACHWELT VERLAG\",\"isPartOf\":{\"@id\":\"https:\/\/www.fachwelt-verlag.de\/#website\"},\"primaryImageOfPage\":{\"@id\":\"https:\/\/www.fachwelt-verlag.de\/karriere\/stellenanzeige-mediengestalter\/#primaryimage\"},\"datePublished\":\"2020-01-15T09:00:52+00:00\",\"dateModified\":\"2021-01-11T16:07:11+00:00\",\"description\":\"Sie suchen einen Job und wollen Karriere machen? Dann sind Sie bei uns an der richtigen Stelle. Senden Sie uns Ihre Bewerbung.\",\"breadcrumb\":{\"@id\":\"https:\/\/www.fachwelt-verlag.de\/karriere\/stellenanzeige-mediengestalter\/#breadcrumb\"},\"inLanguage\":\"en-US\",\"potentialAction\":[{\"@type\":\"ReadAction\",\"target\":[\"https:\/\/www.fachwelt-verlag.de\/karriere\/stellenanzeige-mediengestalter\/\"]}]},{\"@type\":\"BreadcrumbList\",\"@id\":\"https:\/\/www.fachwelt-verlag.de\/karriere\/stellenanzeige-mediengestalter\/#breadcrumb\",\"itemListElement\":[{\"@type\":\"ListItem\",\"position\":1,\"name\":\"Startseite\",\"item\":\"https:\/\/www.fachwelt-verlag.de\/en\/\"},{\"@type\":\"ListItem\",\"position\":2,\"name\":\"Karriere\",\"item\":\"https:\/\/www.fachwelt-verlag.de\/karriere\/\"},{\"@type\":\"ListItem\",\"position\":3,\"name\":\"Stellenanzeige Mediengestalter\"}]}]}<\/script>\n<!-- \/ Yoast SEO plugin. -->","yoast_head_json":{"title":"Stellenanzeige Mediengestalter &bull; FACHWELT VERLAG","description":"Sie suchen einen Job und wollen Karriere machen? Dann sind Sie bei uns an der richtigen Stelle. Senden Sie uns Ihre Bewerbung.","robots":{"index":"index","follow":"follow","max-snippet":"max-snippet:-1","max-image-preview":"max-image-preview:large","max-video-preview":"max-video-preview:-1"},"canonical":"https:\/\/www.fachwelt-verlag.de\/en\/karriere\/stellenanzeige-mediengestalter\/","og_locale":"en_US","og_type":"article","og_title":"Stellenanzeige Mediengestalter &bull; FACHWELT VERLAG","og_description":"Sie suchen einen Job und wollen Karriere machen? Dann sind Sie bei uns an der richtigen Stelle. Senden Sie uns Ihre Bewerbung.","og_url":"https:\/\/www.fachwelt-verlag.de\/karriere\/stellenanzeige-mediengestalter\/","og_site_name":"FACHWELT VERLAG","article_modified_time":"2021-01-11T16:07:11+00:00","og_image":[{"width":1140,"height":550,"url":"https:\/\/www.fachwelt-verlag.de\/wp-content\/uploads\/Stellenanzeige_Leiter.jpg","type":"image\/jpeg"}],"twitter_card":"summary","twitter_misc":{"Est. reading time":"1 minute"},"schema":{"@context":"https:\/\/schema.org","@graph":[{"@type":"WebSite","@id":"https:\/\/www.fachwelt-verlag.de\/#website","url":"https:\/\/www.fachwelt-verlag.de\/","name":"FACHWELT VERLAG","description":"","potentialAction":[{"@type":"SearchAction","target":{"@type":"EntryPoint","urlTemplate":"https:\/\/www.fachwelt-verlag.de\/?s={search_term_string}"},"query-input":"required name=search_term_string"}],"inLanguage":"en-US"},{"@type":"ImageObject","@id":"https:\/\/www.fachwelt-verlag.de\/karriere\/stellenanzeige-mediengestalter\/#primaryimage","inLanguage":"en-US","url":"https:\/\/www.fachwelt-verlag.de\/wp-content\/uploads\/Stellenanzeige_Leiter.jpg","contentUrl":"https:\/\/www.fachwelt-verlag.de\/wp-content\/uploads\/Stellenanzeige_Leiter.jpg","width":1140,"height":550,"caption":"Leiter Stellen Beruf Job Stellenanzeige Fachwelt Verlag Stuttgart Verlagshaus Fachmagazine Fachzeitschriften Zeitschriften Magazine"},{"@type":"WebPage","@id":"https:\/\/www.fachwelt-verlag.de\/karriere\/stellenanzeige-mediengestalter\/#webpage","url":"https:\/\/www.fachwelt-verlag.de\/karriere\/stellenanzeige-mediengestalter\/","name":"Stellenanzeige Mediengestalter &bull; FACHWELT VERLAG","isPartOf":{"@id":"https:\/\/www.fachwelt-verlag.de\/#website"},"primaryImageOfPage":{"@id":"https:\/\/www.fachwelt-verlag.de\/karriere\/stellenanzeige-mediengestalter\/#primaryimage"},"datePublished":"2020-01-15T09:00:52+00:00","dateModified":"2021-01-11T16:07:11+00:00","description":"Sie suchen einen Job und wollen Karriere machen? Dann sind Sie bei uns an der richtigen Stelle. Senden Sie uns Ihre Bewerbung.","breadcrumb":{"@id":"https:\/\/www.fachwelt-verlag.de\/karriere\/stellenanzeige-mediengestalter\/#breadcrumb"},"inLanguage":"en-US","potentialAction":[{"@type":"ReadAction","target":["https:\/\/www.fachwelt-verlag.de\/karriere\/stellenanzeige-mediengestalter\/"]}]},{"@type":"BreadcrumbList","@id":"https:\/\/www.fachwelt-verlag.de\/karriere\/stellenanzeige-mediengestalter\/#breadcrumb","itemListElement":[{"@type":"ListItem","position":1,"name":"Startseite","item":"https:\/\/www.fachwelt-verlag.de\/en\/"},{"@type":"ListItem","position":2,"name":"Karriere","item":"https:\/\/www.fachwelt-verlag.de\/karriere\/"},{"@type":"ListItem","position":3,"name":"Stellenanzeige Mediengestalter"}]}]}},"_links":{"self":[{"href":"https:\/\/www.fachwelt-verlag.de\/en\/wp-json\/wp\/v2\/pages\/1621"}],"collection":[{"href":"https:\/\/www.fachwelt-verlag.de\/en\/wp-json\/wp\/v2\/pages"}],"about":[{"href":"https:\/\/www.fachwelt-verlag.de\/en\/wp-json\/wp\/v2\/types\/page"}],"author":[{"embeddable":true,"href":"https:\/\/www.fachwelt-verlag.de\/en\/wp-json\/wp\/v2\/users\/9"}],"replies":[{"embeddable":true,"href":"https:\/\/www.fachwelt-verlag.de\/en\/wp-json\/wp\/v2\/comments?post=1621"}],"version-history":[{"count":5,"href":"https:\/\/www.fachwelt-verlag.de\/en\/wp-json\/wp\/v2\/pages\/1621\/revisions"}],"predecessor-version":[{"id":4795,"href":"https:\/\/www.fachwelt-verlag.de\/en\/wp-json\/wp\/v2\/pages\/1621\/revisions\/4795"}],"up":[{"embeddable":true,"href":"https:\/\/www.fachwelt-verlag.de\/en\/wp-json\/wp\/v2\/pages\/1049"}],"wp:featuredmedia":[{"embeddable":true,"href":"https:\/\/www.fachwelt-verlag.de\/en\/wp-json\/wp\/v2\/media\/2728"}],"wp:attachment":[{"href":"https:\/\/www.fachwelt-verlag.de\/en\/wp-json\/wp\/v2\/media?parent=1621"}],"curies":[{"name":"wp","href":"https:\/\/api.w.org\/{rel}","templated":true}]}}